{"id":10274,"date":"2025-04-30T04:51:16","date_gmt":"2025-04-30T02:51:16","guid":{"rendered":"https:\/\/kulladal.com\/?page_id=10274"},"modified":"2025-07-05T13:13:39","modified_gmt":"2025-07-05T11:13:39","slug":"3-columns-test","status":"publish","type":"page","link":"https:\/\/kulladal.com\/nb\/3-columns-test\/","title":{"rendered":"3 columns test"},"content":{"rendered":"<div class=\"wp-block-group alignfull has-background has-global-padding is-layout-constrained wp-container-core-group-is-layout-d6959a2f wp-block-group-is-layout-constrained\" style=\"background-color:#eeedeb;padding-top:var(--wp--preset--spacing--30);padding-right:0px;padding-bottom:var(--wp--preset--spacing--50);padding-left:0px\"><h2 class=\"wp-block-heading has-text-align-center\" style=\"padding-bottom:var(--wp--preset--spacing--40)\">Vad s\u00e4ger v\u00e5ra kunder om oss?<\/h2>\n\n        <style>\r\n        \/* desktop *\/\r\n        .review-wrapper {\r\n          display: grid;\r\n          grid-auto-flow: column;\r\n          grid-auto-columns: 350px;\r\n          gap: 80px;\r\n          padding: 0 80px;\r\n          overflow-x: auto;\r\n          -webkit-overflow-scrolling: touch;\r\n        }\r\n        \r\n        .review {\r\n          box-sizing: border-box;\r\n          background-color: #FFF;\r\n          padding: 20px;\r\n          text-align: center;\r\n          display: flex;\r\n          flex-direction: column;\r\n          justify-content: space-between;\r\n          height: 100%;\r\n        }\r\n        \r\n        .review-text {\r\n            padding: 30px 30px 0 30px;\r\n        }\r\n        \r\n        \/* mobile *\/\r\n        @media (max-width: 768px) {\r\n          .review-wrapper {\r\n            display: flex;\r\n            flex-direction: column;\r\n            overflow-x: visible;\r\n            align-items: center;\r\n            gap: 30px;\r\n            padding: 0 30px;\r\n          }\r\n        \r\n          .review {\r\n            width: 100%;\r\n            max-width: 500px;\r\n            display: block;\r\n            height: auto;\r\n          }\r\n        }\r\n        <\/style>\r\n        <div class=\"review-wrapper\"><div class=\"review has-small-font-size\"><div class=\"review-text\"><span class=\"short-text\">\"During a big renovation of our town house in Copenhagen, a lot of choices had to be made. One choice was sure from the begging though: We had dreamed of...<\/span><span class=\"full-text\" style=\"display:none; text-align: center;\">\"During a big renovation of our town house in Copenhagen, a lot of choices had to be made. One choice was sure from the begging though: We had dreamed of a shaker kitchen from Kulladal for a long time, and this was our chance.\n\nFrom the initial meeting in Malm\u00f8 we felt a strong sense of understanding and experienced a lot of flexibility when different questions or problems with our renovation arose. The team at Kulladal was always just a call or email away, with clear guidance and ideas to make everything make sense. The ability to test different designs on a drawing, to having different color swatches sent home also made the process a lot easier.\n\nWe are ecstatic about our new kitchen, which is truly the heart of our home, and I recommend Kulladal to both family and friends \u2014 and now also Google :)\"<\/span><a href=\"#\" class=\"toggle-text\" style=\"padding-bottom: 20px; text-align: center; display:block; color: #AAA;\">View More<\/a><a href=\"https:\/\/www.google.com\/maps\/reviews\/data=!4m6!14m5!1m4!2m3!1sCi9DQUlRQUNvZENodHljRjlvT25sU1REZHJZamt0UzBrd2NVZ3hOMWxmVm1NM05WRRAB!2m1!1s0x4653a177ec6ded95:0xdfbc942d96626648\" target=\"_blank\" style=\"padding-top: 10px; text-decoration: none; text-transform: uppercase;\"><strong>Mads Els\u00f8e<\/strong><\/a><br><br><\/div><div class=\"review-footer has-small-font-size\" style=\"text-align: center;padding: 10px 0 20px 0;\"><a href=\"https:\/\/www.google.com\/maps\/reviews\/data=!4m6!14m5!1m4!2m3!1sCi9DQUlRQUNvZENodHljRjlvT25sU1REZHJZamt0UzBrd2NVZ3hOMWxmVm1NM05WRRAB!2m1!1s0x4653a177ec6ded95:0xdfbc942d96626648\" target=\"_blank\"><img decoding=\"async\" style=\"width: 94px;\" src=\"https:\/\/kulladal.com\/wp-content\/uploads\/2025\/07\/greview-rating.png\" alt=\"Rating\"><\/a><br \/><a href=\"https:\/\/www.google.com\/maps\/reviews\/data=!4m6!14m5!1m4!2m3!1sCi9DQUlRQUNvZENodHljRjlvT25sU1REZHJZamt0UzBrd2NVZ3hOMWxmVm1NM05WRRAB!2m1!1s0x4653a177ec6ded95:0xdfbc942d96626648\" target=\"_blank\"><img decoding=\"async\" style=\"padding-top: 10px; width: 158px;\" src=\"https:\/\/kulladal.com\/wp-content\/uploads\/2025\/07\/greview-logo.png\" alt=\"Google Logo\"><\/a><\/div><\/div><div class=\"review has-small-font-size\"><div class=\"review-text\"><span class=\"short-text\">\"We are absolutely delighted with our new Kulladal K\u00f6k. From the very start, the support we received was outstanding. Josefine helped review our initial sketches, came up with clever ideas...<\/span><span class=\"full-text\" style=\"display:none; text-align: center;\">\"We are absolutely delighted with our new Kulladal K\u00f6k. From the very start, the support we received was outstanding. Josefine helped review our initial sketches, came up with clever ideas for how to make the most of our layout, and helped us choose the right appliances. A special thanks to her.\n\nWe also found Kulladal\u2019s online design tool very convenient and inspiring. It allowed us to confidently dive deep into the details, which is one of the main reasons why we choose Kulladal in the first place. At the same time, visiting the showroom was a real highlight. Seeing the materials up close and discovering all the thoughtful, practical solutions really helped confirm our design choices.\n\nThe end result has exceeded our expectations and we can highly recommend Kulladal K\u00f6k.\"<\/span><a href=\"#\" class=\"toggle-text\" style=\"padding-bottom: 20px; text-align: center; display:block; color: #AAA;\">View More<\/a><a href=\"https:\/\/www.google.com\/maps\/reviews\/data=!4m6!14m5!1m4!2m3!1sCi9DQUlRQUNvZENodHljRjlvT21GdVkxOU5aR2x6UW5oTlltSk5XRkZOU2tjMVdHYxAB!2m1!1s0x4653a177ec6ded95:0xdfbc942d96626648\" target=\"_blank\" style=\"padding-top: 10px; text-decoration: none; text-transform: uppercase;\"><strong>Colm Morgan<\/strong><\/a><br><br><\/div><div class=\"review-footer has-small-font-size\" style=\"text-align: center;padding: 10px 0 20px 0;\"><a href=\"https:\/\/www.google.com\/maps\/reviews\/data=!4m6!14m5!1m4!2m3!1sCi9DQUlRQUNvZENodHljRjlvT21GdVkxOU5aR2x6UW5oTlltSk5XRkZOU2tjMVdHYxAB!2m1!1s0x4653a177ec6ded95:0xdfbc942d96626648\" target=\"_blank\"><img decoding=\"async\" style=\"width: 94px;\" src=\"https:\/\/kulladal.com\/wp-content\/uploads\/2025\/07\/greview-rating.png\" alt=\"Rating\"><\/a><br \/><a href=\"https:\/\/www.google.com\/maps\/reviews\/data=!4m6!14m5!1m4!2m3!1sCi9DQUlRQUNvZENodHljRjlvT21GdVkxOU5aR2x6UW5oTlltSk5XRkZOU2tjMVdHYxAB!2m1!1s0x4653a177ec6ded95:0xdfbc942d96626648\" target=\"_blank\"><img decoding=\"async\" style=\"padding-top: 10px; width: 158px;\" src=\"https:\/\/kulladal.com\/wp-content\/uploads\/2025\/07\/greview-logo.png\" alt=\"Google Logo\"><\/a><\/div><\/div><div class=\"review has-small-font-size\"><div class=\"review-text\"><span class=\"short-text\">\"We are very glad to have a beautiful, well built and practical kitchen from Kulladal, the heart of our home.<\/span><span class=\"full-text\" style=\"display:none; text-align: center;\">\"We are very glad to have a beautiful, well built and practical kitchen from Kulladal, the heart of our home.\"<\/span><a href=\"#\" class=\"toggle-text\" style=\"padding-bottom: 20px; text-align: center; display:block; color: #AAA;\">View More<\/a><a href=\"https:\/\/www.google.com\/maps\/reviews\/data=!4m6!14m5!1m4!2m3!1sCi9DQUlRQUNvZENodHljRjlvT2xKcVdWSTJORmt3V0hJMU1sZzRRa2d0YzFwTFkzYxAB!2m1!1s0x4653a177ec6ded95:0xdfbc942d96626648\" target=\"_blank\" style=\"padding-top: 10px; text-decoration: none; text-transform: uppercase;\"><strong>Elisabet Angelov<\/strong><\/a><br><br><\/div><div class=\"review-footer has-small-font-size\" style=\"text-align: center;padding: 10px 0 20px 0;\"><a href=\"https:\/\/www.google.com\/maps\/reviews\/data=!4m6!14m5!1m4!2m3!1sCi9DQUlRQUNvZENodHljRjlvT2xKcVdWSTJORmt3V0hJMU1sZzRRa2d0YzFwTFkzYxAB!2m1!1s0x4653a177ec6ded95:0xdfbc942d96626648\" target=\"_blank\"><img decoding=\"async\" style=\"width: 94px;\" src=\"https:\/\/kulladal.com\/wp-content\/uploads\/2025\/07\/greview-rating.png\" alt=\"Rating\"><\/a><br \/><a href=\"https:\/\/www.google.com\/maps\/reviews\/data=!4m6!14m5!1m4!2m3!1sCi9DQUlRQUNvZENodHljRjlvT2xKcVdWSTJORmt3V0hJMU1sZzRRa2d0YzFwTFkzYxAB!2m1!1s0x4653a177ec6ded95:0xdfbc942d96626648\" target=\"_blank\"><img decoding=\"async\" style=\"padding-top: 10px; width: 158px;\" src=\"https:\/\/kulladal.com\/wp-content\/uploads\/2025\/07\/greview-logo.png\" alt=\"Google Logo\"><\/a><\/div><\/div><div class=\"review has-small-font-size\"><div class=\"review-text\"><span class=\"short-text\">\"Excellent quality, beauty &amp; craftsmanship! My new kitchen is an object of pure joy! The design, order and delivery experience was excellent. I have nothing but good things to say...<\/span><span class=\"full-text\" style=\"display:none; text-align: center;\">\"Excellent quality, beauty &amp; craftsmanship! My new kitchen is an object of pure joy! The design, order and delivery experience was excellent. I have nothing but good things to say about both the kitchen itself &amp; Kulladal as a supplier!\"<\/span><a href=\"#\" class=\"toggle-text\" style=\"padding-bottom: 20px; text-align: center; display:block; color: #AAA;\">View More<\/a><a href=\"https:\/\/www.google.com\/maps\/reviews\/data=!4m6!14m5!1m4!2m3!1sChdDSUhNMG9nS0VJQ0FnSUN4dW9UR2dBRRAB!2m1!1s0x4653a177ec6ded95:0xdfbc942d96626648\" target=\"_blank\" style=\"padding-top: 10px; text-decoration: none; text-transform: uppercase;\"><strong>Magnus Emilsson<\/strong><\/a><br><br><\/div><div class=\"review-footer has-small-font-size\" style=\"text-align: center;padding: 10px 0 20px 0;\"><a href=\"https:\/\/www.google.com\/maps\/reviews\/data=!4m6!14m5!1m4!2m3!1sChdDSUhNMG9nS0VJQ0FnSUN4dW9UR2dBRRAB!2m1!1s0x4653a177ec6ded95:0xdfbc942d96626648\" target=\"_blank\"><img decoding=\"async\" style=\"width: 94px;\" src=\"https:\/\/kulladal.com\/wp-content\/uploads\/2025\/07\/greview-rating.png\" alt=\"Rating\"><\/a><br \/><a href=\"https:\/\/www.google.com\/maps\/reviews\/data=!4m6!14m5!1m4!2m3!1sChdDSUhNMG9nS0VJQ0FnSUN4dW9UR2dBRRAB!2m1!1s0x4653a177ec6ded95:0xdfbc942d96626648\" target=\"_blank\"><img decoding=\"async\" style=\"padding-top: 10px; width: 158px;\" src=\"https:\/\/kulladal.com\/wp-content\/uploads\/2025\/07\/greview-logo.png\" alt=\"Google Logo\"><\/a><\/div><\/div><div class=\"review has-small-font-size\"><div class=\"review-text\"><span class=\"short-text\">\"To say that we are happy with our kitchen would be an understatement. We had a good feeling from the beginning and we felt very welcomed when we met Josefine...<\/span><span class=\"full-text\" style=\"display:none; text-align: center;\">\"To say that we are happy with our kitchen would be an understatement. We had a good feeling from the beginning and we felt very welcomed when we met Josefine in the store to discuss our ideas in detail and get recommendations.\n\nThe team in kulladal has been very helpful and efficient at replying to questions and concerns.\n\nWe are delighted with our kitchen. It is not only beautiful but also very practical.\nAll our guests have been very complimentary about the carpentry work and the esthetic.\n\nIt is such a classic style and the kitchen has become the heart of our home.\"<\/span><a href=\"#\" class=\"toggle-text\" style=\"padding-bottom: 20px; text-align: center; display:block; color: #AAA;\">View More<\/a><a href=\"https:\/\/www.google.com\/maps\/reviews\/data=!4m6!14m5!1m4!2m3!1sChdDSUhNMG9nS0VJQ0FnSURSaFlhbzBnRRAB!2m1!1s0x4653a177ec6ded95:0xdfbc942d96626648\" target=\"_blank\" style=\"padding-top: 10px; text-decoration: none; text-transform: uppercase;\"><strong>Sandra Bien-Aime<\/strong><\/a><br><br><\/div><div class=\"review-footer has-small-font-size\" style=\"text-align: center;padding: 10px 0 20px 0;\"><a href=\"https:\/\/www.google.com\/maps\/reviews\/data=!4m6!14m5!1m4!2m3!1sChdDSUhNMG9nS0VJQ0FnSURSaFlhbzBnRRAB!2m1!1s0x4653a177ec6ded95:0xdfbc942d96626648\" target=\"_blank\"><img decoding=\"async\" style=\"width: 94px;\" src=\"https:\/\/kulladal.com\/wp-content\/uploads\/2025\/07\/greview-rating.png\" alt=\"Rating\"><\/a><br \/><a href=\"https:\/\/www.google.com\/maps\/reviews\/data=!4m6!14m5!1m4!2m3!1sChdDSUhNMG9nS0VJQ0FnSURSaFlhbzBnRRAB!2m1!1s0x4653a177ec6ded95:0xdfbc942d96626648\" target=\"_blank\"><img decoding=\"async\" style=\"padding-top: 10px; width: 158px;\" src=\"https:\/\/kulladal.com\/wp-content\/uploads\/2025\/07\/greview-logo.png\" alt=\"Google Logo\"><\/a><\/div><\/div><\/div>        <script>\r\n        document.addEventListener('DOMContentLoaded', function() {\r\n          document.querySelectorAll('.toggle-text').forEach(function(btn) {\r\n            btn.addEventListener('click', function(e) {\r\n              e.preventDefault();\r\n              const container = btn.parentElement;\r\n              const shortText = container.querySelector('.short-text');\r\n              const fullText = container.querySelector('.full-text');\r\n\r\n              const expanded = fullText.style.display === 'inline';\r\n              if (expanded) {\r\n                fullText.style.display = 'none';\r\n                shortText.style.display = 'inline';\r\n                btn.textContent = 'View More';\r\n              } else {\r\n                fullText.style.display = 'inline';\r\n                shortText.style.display = 'none';\r\n                btn.textContent = 'View Less';\r\n              }\r\n            });\r\n          });\r\n        });\r\n        <\/script>\r\n        <\/div><div class=\"wp-block-group alignfull has-background has-global-padding is-layout-constrained wp-container-core-group-is-layout-710d3bd8 wp-block-group-is-layout-constrained\" style=\"background-color:#f4f5f2;margin-top:var(--wp--preset--spacing--40);padding-top:var(--wp--preset--spacing--60);padding-right:var(--wp--preset--spacing--30);padding-bottom:var(--wp--preset--spacing--60);padding-left:var(--wp--preset--spacing--30)\"><h1 class=\"wp-block-heading has-text-align-center\">Kj\u00f8kkenets detaljer og tilvalg<\/h1>\n\n<p class=\"has-text-align-center has-medium-font-size\" style=\"padding-top:var(--wp--preset--spacing--40)\">Det er detaljene som gj\u00f8r det! Det er ikke bare fargen som gir karakter til kj\u00f8kkenet. D\u00f8rtype, hengsler og andre muligheter gj\u00f8r ogs\u00e5 kj\u00f8kkenet unikt. Vi tilbyr fem forskjellige d\u00f8rtyper, alle egnet i et klassisk kj\u00f8kken.<\/p><\/div><div class=\"wp-block-group alignfull wide3-col is-layout-flow wp-block-group-is-layout-flow\" style=\"padding-right:0;padding-left:0\"><div class=\"wp-block-group has-global-padding is-layout-constrained wp-block-group-is-layout-constrained\" style=\"padding-top:var(--wp--preset--spacing--30)\"><h2 class=\"wp-block-heading has-text-align-center\">Test 1 (wide block = 1250px max)<\/h2><\/div>\n\n<div class=\"wp-block-columns alignwide is-layout-flex wp-container-core-columns-is-layout-8e71a9cd wp-block-columns-is-layout-flex\" style=\"margin-top:0;margin-bottom:0;padding-top:var(--wp--preset--spacing--30);padding-right:0;padding-bottom:0;padding-left:0\"><div class=\"wp-block-column is-vertically-aligned-stretch wp-bottom-column has-background is-layout-flow wp-block-column-is-layout-flow\" style=\"background-color:#eeedeb;padding-top:0;padding-right:0;padding-bottom:0;padding-left:0\"><h3 class=\"wp-block-heading has-text-align-center\" style=\"padding-top:var(--wp--preset--spacing--40)\">Malmg\u00e5rden d\u00f8r<\/h3>\n\n<p class=\"has-text-align-center\" style=\"padding-top:var(--wp--preset--spacing--30);padding-right:var(--wp--preset--spacing--40);padding-bottom:var(--wp--preset--spacing--30);padding-left:var(--wp--preset--spacing--40)\">Luckan Malmg\u00e5rden \u00e4r inspirerad av Malm\u00f6s k\u00e4ndaste bostadsomr\u00e5de i funkisstil! Malmg\u00e5rdens sl\u00e4ta \u00f6verfalsade luckor passar perfekt f\u00f6r den som vill ha tydlig retrostil.<\/p>\n\n<p class=\"has-text-align-center\" style=\"padding-top:0;padding-right:var(--wp--preset--spacing--40);padding-bottom:var(--wp--preset--spacing--30);padding-left:var(--wp--preset--spacing--40)\">Les mer om <a href=\"https:\/\/kulladal.com\/nb\/modernist\/\" data-type=\"page\" data-id=\"7259\"><strong>Modernist<\/strong><\/a>.<\/p>\n\n<figure class=\"wp-block-image size-large wp-bottom-button\"><img loading=\"lazy\" decoding=\"async\" width=\"683\" height=\"1024\" src=\"https:\/\/kulladal.com\/wp-content\/uploads\/2023\/11\/230302kulladal_lisawikstrand024-1-683x1024.jpg\" alt=\"\" class=\"wp-image-2982\" style=\"aspect-ratio:4\/3;object-fit:cover\" srcset=\"https:\/\/kulladal.com\/wp-content\/uploads\/2023\/11\/230302kulladal_lisawikstrand024-1-683x1024.jpg 683w, https:\/\/kulladal.com\/wp-content\/uploads\/2023\/11\/230302kulladal_lisawikstrand024-1-scaled-600x899.jpg 600w, https:\/\/kulladal.com\/wp-content\/uploads\/2023\/11\/230302kulladal_lisawikstrand024-1-200x300.jpg 200w, https:\/\/kulladal.com\/wp-content\/uploads\/2023\/11\/230302kulladal_lisawikstrand024-1-768x1151.jpg 768w, https:\/\/kulladal.com\/wp-content\/uploads\/2023\/11\/230302kulladal_lisawikstrand024-1-1025x1536.jpg 1025w, https:\/\/kulladal.com\/wp-content\/uploads\/2023\/11\/230302kulladal_lisawikstrand024-1-1366x2048.jpg 1366w, https:\/\/kulladal.com\/wp-content\/uploads\/2023\/11\/230302kulladal_lisawikstrand024-1-8x12.jpg 8w, https:\/\/kulladal.com\/wp-content\/uploads\/2023\/11\/230302kulladal_lisawikstrand024-1-scaled.jpg 1708w\" sizes=\"auto, (max-width: 683px) 100vw, 683px\" \/><\/figure><\/div>\n\n<div class=\"wp-block-column is-vertically-aligned-stretch wp-bottom-column has-background is-layout-flow wp-block-column-is-layout-flow\" style=\"background-color:#eeedeb;padding-top:0;padding-right:0;padding-bottom:0;padding-left:0\"><h3 class=\"wp-block-heading has-text-align-center\" style=\"padding-top:var(--wp--preset--spacing--40)\">Lucka Sorgenfri<\/h3>\n\n<p class=\"has-text-align-center\" style=\"padding-top:var(--wp--preset--spacing--30);padding-right:var(--wp--preset--spacing--40);padding-bottom:var(--wp--preset--spacing--30);padding-left:var(--wp--preset--spacing--40)\">Minimalism deluxe. Sorgenfri \u00e4r en innanf\u00f6rliggande lucka, utan n\u00e5gra profiler och ramar. Det ger ett sobert och rent intryck, som passar b\u00e5de moderna och klassiska hem.<\/p>\n\n<p class=\"has-text-align-center\" style=\"padding-top:0;padding-right:var(--wp--preset--spacing--40);padding-bottom:var(--wp--preset--spacing--30);padding-left:var(--wp--preset--spacing--40)\">Les mer om <a href=\"https:\/\/kulladal.com\/nb\/funkiskok\/\" data-type=\"page\" data-id=\"132\"><\/a><a href=\"https:\/\/kulladal.com\/nb\/modernist\/\" data-type=\"page\" data-id=\"7259\"><strong>Modernist<\/strong><\/a>.<\/p>\n\n<figure class=\"wp-block-image size-large wp-bottom-button\"><img loading=\"lazy\" decoding=\"async\" width=\"819\" height=\"1024\" src=\"https:\/\/kulladal.com\/wp-content\/uploads\/2024\/12\/modernist-c02-Sorgenfri_scaled-819x1024.jpg\" alt=\"\" class=\"wp-image-7360\" style=\"aspect-ratio:4\/3;object-fit:cover\" srcset=\"https:\/\/kulladal.com\/wp-content\/uploads\/2024\/12\/modernist-c02-Sorgenfri_scaled-819x1024.jpg 819w, https:\/\/kulladal.com\/wp-content\/uploads\/2024\/12\/modernist-c02-Sorgenfri_scaled-600x750.jpg 600w, https:\/\/kulladal.com\/wp-content\/uploads\/2024\/12\/modernist-c02-Sorgenfri_scaled-240x300.jpg 240w, https:\/\/kulladal.com\/wp-content\/uploads\/2024\/12\/modernist-c02-Sorgenfri_scaled-768x960.jpg 768w, https:\/\/kulladal.com\/wp-content\/uploads\/2024\/12\/modernist-c02-Sorgenfri_scaled-1229x1536.jpg 1229w, https:\/\/kulladal.com\/wp-content\/uploads\/2024\/12\/modernist-c02-Sorgenfri_scaled-1638x2048.jpg 1638w, https:\/\/kulladal.com\/wp-content\/uploads\/2024\/12\/modernist-c02-Sorgenfri_scaled-10x12.jpg 10w, https:\/\/kulladal.com\/wp-content\/uploads\/2024\/12\/modernist-c02-Sorgenfri_scaled.jpg 2048w\" sizes=\"auto, (max-width: 819px) 100vw, 819px\" \/><\/figure><\/div>\n\n<div class=\"wp-block-column is-vertically-aligned-stretch wp-bottom-column has-background is-layout-flow wp-block-column-is-layout-flow\" style=\"background-color:#eeedeb;padding-top:0;padding-right:0;padding-bottom:0;padding-left:0\"><h3 class=\"wp-block-heading has-text-align-center\" style=\"padding-top:var(--wp--preset--spacing--40)\">Lucka Mellanheden<\/h3>\n\n<p class=\"has-text-align-center\" style=\"padding-top:var(--wp--preset--spacing--30);padding-right:var(--wp--preset--spacing--40);padding-bottom:var(--wp--preset--spacing--30);padding-left:var(--wp--preset--spacing--40)\">Luckan Mellanheden \u00e4r en \u00f6verfalsad sl\u00e4t lucka. Inspirerad av 60-talets tidl\u00f6sa estetik. Passar fint i s\u00e5v\u00e4l funkisbost\u00e4der som i nybyggt.<\/p>\n\n<p class=\"has-text-align-center\" style=\"padding-top:0;padding-right:var(--wp--preset--spacing--40);padding-bottom:var(--wp--preset--spacing--30);padding-left:var(--wp--preset--spacing--40)\">Les mer om <a href=\"https:\/\/kulladal.com\/nb\/sekelskifteskk\/\" data-type=\"page\" data-id=\"133\"><\/a><a href=\"https:\/\/kulladal.com\/nb\/modernist\/\" data-type=\"page\" data-id=\"7259\"><strong>Modernist<\/strong><\/a>.<\/p>\n\n<figure class=\"wp-block-image size-large wp-bottom-button\"><img loading=\"lazy\" decoding=\"async\" width=\"819\" height=\"1024\" src=\"https:\/\/kulladal.com\/wp-content\/uploads\/2024\/12\/modernist-c02-KulladallKitchenC5-1_scaled-819x1024.jpg\" alt=\"\" class=\"wp-image-7359\" style=\"aspect-ratio:4\/3;object-fit:cover\" srcset=\"https:\/\/kulladal.com\/wp-content\/uploads\/2024\/12\/modernist-c02-KulladallKitchenC5-1_scaled-819x1024.jpg 819w, https:\/\/kulladal.com\/wp-content\/uploads\/2024\/12\/modernist-c02-KulladallKitchenC5-1_scaled-600x750.jpg 600w, https:\/\/kulladal.com\/wp-content\/uploads\/2024\/12\/modernist-c02-KulladallKitchenC5-1_scaled-240x300.jpg 240w, https:\/\/kulladal.com\/wp-content\/uploads\/2024\/12\/modernist-c02-KulladallKitchenC5-1_scaled-768x960.jpg 768w, https:\/\/kulladal.com\/wp-content\/uploads\/2024\/12\/modernist-c02-KulladallKitchenC5-1_scaled-1229x1536.jpg 1229w, https:\/\/kulladal.com\/wp-content\/uploads\/2024\/12\/modernist-c02-KulladallKitchenC5-1_scaled-1638x2048.jpg 1638w, https:\/\/kulladal.com\/wp-content\/uploads\/2024\/12\/modernist-c02-KulladallKitchenC5-1_scaled-10x12.jpg 10w, https:\/\/kulladal.com\/wp-content\/uploads\/2024\/12\/modernist-c02-KulladallKitchenC5-1_scaled.jpg 2048w\" sizes=\"auto, (max-width: 819px) 100vw, 819px\" \/><\/figure><\/div><\/div><\/div><div class=\"wp-block-group alignfull wide3-col is-layout-flow wp-block-group-is-layout-flow\" style=\"padding-right:0;padding-left:0\"><div class=\"wp-block-group has-global-padding is-layout-constrained wp-block-group-is-layout-constrained\" style=\"padding-top:var(--wp--preset--spacing--30)\"><h2 class=\"wp-block-heading has-text-align-center\">Test 2: (wide block 1250px + margins 10px )<\/h2><\/div>\n\n<div class=\"wp-block-columns alignwide is-layout-flex wp-container-core-columns-is-layout-8e71a9cd wp-block-columns-is-layout-flex\" style=\"margin-top:0;margin-bottom:0;padding-top:var(--wp--preset--spacing--30);padding-right:0;padding-bottom:0;padding-left:0\"><div class=\"wp-block-column is-vertically-aligned-stretch wp-bottom-column has-background is-layout-flow wp-block-column-is-layout-flow\" style=\"background-color:#eeedeb;padding-top:0;padding-right:0;padding-bottom:0;padding-left:0\"><h3 class=\"wp-block-heading has-text-align-center\" style=\"padding-top:30px;padding-right:10px;padding-left:10px\">Malmg\u00e5rden d\u00f8r<\/h3>\n\n<p class=\"has-text-align-center\" style=\"padding-top:var(--wp--preset--spacing--30);padding-right:10px;padding-bottom:var(--wp--preset--spacing--30);padding-left:10px\">Luckan Malmg\u00e5rden \u00e4r inspirerad av Malm\u00f6s k\u00e4ndaste bostadsomr\u00e5de i funkisstil! Malmg\u00e5rdens sl\u00e4ta \u00f6verfalsade luckor passar perfekt f\u00f6r den som vill ha tydlig retrostil.<\/p>\n\n<p class=\"has-text-align-center\" style=\"padding-top:0;padding-right:var(--wp--preset--spacing--40);padding-bottom:var(--wp--preset--spacing--30);padding-left:var(--wp--preset--spacing--40)\">Les mer om <a href=\"https:\/\/kulladal.com\/nb\/modernist\/\" data-type=\"page\" data-id=\"7259\"><strong>Modernist<\/strong><\/a>.<\/p>\n\n<figure class=\"wp-block-image size-large wp-bottom-button\"><img loading=\"lazy\" decoding=\"async\" width=\"683\" height=\"1024\" src=\"https:\/\/kulladal.com\/wp-content\/uploads\/2023\/11\/230302kulladal_lisawikstrand024-1-683x1024.jpg\" alt=\"\" class=\"wp-image-2982\" style=\"aspect-ratio:4\/3;object-fit:cover\" srcset=\"https:\/\/kulladal.com\/wp-content\/uploads\/2023\/11\/230302kulladal_lisawikstrand024-1-683x1024.jpg 683w, https:\/\/kulladal.com\/wp-content\/uploads\/2023\/11\/230302kulladal_lisawikstrand024-1-scaled-600x899.jpg 600w, https:\/\/kulladal.com\/wp-content\/uploads\/2023\/11\/230302kulladal_lisawikstrand024-1-200x300.jpg 200w, https:\/\/kulladal.com\/wp-content\/uploads\/2023\/11\/230302kulladal_lisawikstrand024-1-768x1151.jpg 768w, https:\/\/kulladal.com\/wp-content\/uploads\/2023\/11\/230302kulladal_lisawikstrand024-1-1025x1536.jpg 1025w, https:\/\/kulladal.com\/wp-content\/uploads\/2023\/11\/230302kulladal_lisawikstrand024-1-1366x2048.jpg 1366w, https:\/\/kulladal.com\/wp-content\/uploads\/2023\/11\/230302kulladal_lisawikstrand024-1-8x12.jpg 8w, https:\/\/kulladal.com\/wp-content\/uploads\/2023\/11\/230302kulladal_lisawikstrand024-1-scaled.jpg 1708w\" sizes=\"auto, (max-width: 683px) 100vw, 683px\" \/><\/figure><\/div>\n\n<div class=\"wp-block-column is-vertically-aligned-stretch wp-bottom-column has-background is-layout-flow wp-block-column-is-layout-flow\" style=\"background-color:#eeedeb;padding-top:0;padding-right:0;padding-bottom:0;padding-left:0\"><h3 class=\"wp-block-heading has-text-align-center\" style=\"padding-top:30px;padding-right:10px;padding-left:10px\">Lucka Sorgenfri<\/h3>\n\n<p class=\"has-text-align-center\" style=\"padding-top:var(--wp--preset--spacing--30);padding-right:10px;padding-bottom:var(--wp--preset--spacing--30);padding-left:10px\">Minimalism deluxe. Sorgenfri \u00e4r en innanf\u00f6rliggande lucka, utan n\u00e5gra profiler och ramar. Det ger ett sobert och rent intryck, som passar b\u00e5de moderna och klassiska hem.<\/p>\n\n<p class=\"has-text-align-center\" style=\"padding-top:0;padding-right:var(--wp--preset--spacing--40);padding-bottom:var(--wp--preset--spacing--30);padding-left:var(--wp--preset--spacing--40)\">Les mer om <a href=\"https:\/\/kulladal.com\/nb\/funkiskok\/\" data-type=\"page\" data-id=\"132\"><\/a><a href=\"https:\/\/kulladal.com\/nb\/modernist\/\" data-type=\"page\" data-id=\"7259\"><strong>Modernist<\/strong><\/a>.<\/p>\n\n<figure class=\"wp-block-image size-large wp-bottom-button\"><img loading=\"lazy\" decoding=\"async\" width=\"819\" height=\"1024\" src=\"https:\/\/kulladal.com\/wp-content\/uploads\/2024\/12\/modernist-c02-Sorgenfri_scaled-819x1024.jpg\" alt=\"\" class=\"wp-image-7360\" style=\"aspect-ratio:4\/3;object-fit:cover\" srcset=\"https:\/\/kulladal.com\/wp-content\/uploads\/2024\/12\/modernist-c02-Sorgenfri_scaled-819x1024.jpg 819w, https:\/\/kulladal.com\/wp-content\/uploads\/2024\/12\/modernist-c02-Sorgenfri_scaled-600x750.jpg 600w, https:\/\/kulladal.com\/wp-content\/uploads\/2024\/12\/modernist-c02-Sorgenfri_scaled-240x300.jpg 240w, https:\/\/kulladal.com\/wp-content\/uploads\/2024\/12\/modernist-c02-Sorgenfri_scaled-768x960.jpg 768w, https:\/\/kulladal.com\/wp-content\/uploads\/2024\/12\/modernist-c02-Sorgenfri_scaled-1229x1536.jpg 1229w, https:\/\/kulladal.com\/wp-content\/uploads\/2024\/12\/modernist-c02-Sorgenfri_scaled-1638x2048.jpg 1638w, https:\/\/kulladal.com\/wp-content\/uploads\/2024\/12\/modernist-c02-Sorgenfri_scaled-10x12.jpg 10w, https:\/\/kulladal.com\/wp-content\/uploads\/2024\/12\/modernist-c02-Sorgenfri_scaled.jpg 2048w\" sizes=\"auto, (max-width: 819px) 100vw, 819px\" \/><\/figure><\/div>\n\n<div class=\"wp-block-column is-vertically-aligned-stretch wp-bottom-column has-background is-layout-flow wp-block-column-is-layout-flow\" style=\"background-color:#eeedeb;padding-top:0;padding-right:0;padding-bottom:0;padding-left:0\"><h3 class=\"wp-block-heading has-text-align-center\" style=\"padding-top:30px;padding-right:10px;padding-left:10px\">Lucka Mellanheden<\/h3>\n\n<p class=\"has-text-align-center\" style=\"padding-top:var(--wp--preset--spacing--30);padding-right:10px;padding-bottom:var(--wp--preset--spacing--30);padding-left:10px\">Luckan Mellanheden \u00e4r en \u00f6verfalsad sl\u00e4t lucka. Inspirerad av 60-talets tidl\u00f6sa estetik. Passar fint i s\u00e5v\u00e4l funkisbost\u00e4der som i nybyggt.<\/p>\n\n<p class=\"has-text-align-center\" style=\"padding-top:0;padding-right:var(--wp--preset--spacing--40);padding-bottom:var(--wp--preset--spacing--30);padding-left:var(--wp--preset--spacing--40)\">Les mer om <a href=\"https:\/\/kulladal.com\/nb\/sekelskifteskk\/\" data-type=\"page\" data-id=\"133\"><\/a><a href=\"https:\/\/kulladal.com\/nb\/modernist\/\" data-type=\"page\" data-id=\"7259\"><strong>Modernist<\/strong><\/a>.<\/p>\n\n<figure class=\"wp-block-image size-large wp-bottom-button\"><img loading=\"lazy\" decoding=\"async\" width=\"819\" height=\"1024\" src=\"https:\/\/kulladal.com\/wp-content\/uploads\/2024\/12\/modernist-c02-KulladallKitchenC5-1_scaled-819x1024.jpg\" alt=\"\" class=\"wp-image-7359\" style=\"aspect-ratio:4\/3;object-fit:cover\" srcset=\"https:\/\/kulladal.com\/wp-content\/uploads\/2024\/12\/modernist-c02-KulladallKitchenC5-1_scaled-819x1024.jpg 819w, https:\/\/kulladal.com\/wp-content\/uploads\/2024\/12\/modernist-c02-KulladallKitchenC5-1_scaled-600x750.jpg 600w, https:\/\/kulladal.com\/wp-content\/uploads\/2024\/12\/modernist-c02-KulladallKitchenC5-1_scaled-240x300.jpg 240w, https:\/\/kulladal.com\/wp-content\/uploads\/2024\/12\/modernist-c02-KulladallKitchenC5-1_scaled-768x960.jpg 768w, https:\/\/kulladal.com\/wp-content\/uploads\/2024\/12\/modernist-c02-KulladallKitchenC5-1_scaled-1229x1536.jpg 1229w, https:\/\/kulladal.com\/wp-content\/uploads\/2024\/12\/modernist-c02-KulladallKitchenC5-1_scaled-1638x2048.jpg 1638w, https:\/\/kulladal.com\/wp-content\/uploads\/2024\/12\/modernist-c02-KulladallKitchenC5-1_scaled-10x12.jpg 10w, https:\/\/kulladal.com\/wp-content\/uploads\/2024\/12\/modernist-c02-KulladallKitchenC5-1_scaled.jpg 2048w\" sizes=\"auto, (max-width: 819px) 100vw, 819px\" \/><\/figure><\/div><\/div><\/div><div class=\"wp-block-group alignfull wide3-col is-layout-flow wp-block-group-is-layout-flow\" style=\"padding-top:var(--wp--preset--spacing--30);padding-right:0;padding-bottom:var(--wp--preset--spacing--30);padding-left:0\"><div class=\"wp-block-group has-global-padding is-layout-constrained wp-block-group-is-layout-constrained\" style=\"padding-top:0;padding-bottom:var(--wp--preset--spacing--30)\"><h2 class=\"wp-block-heading has-text-align-center\">Test3: (2 columns wide 1250px)<\/h2><\/div>\n\n<div class=\"wp-block-columns alignwide is-layout-flex wp-container-core-columns-is-layout-15e7fdd0 wp-block-columns-is-layout-flex\" style=\"margin-top:0;margin-bottom:0;padding-top:0;padding-right:0;padding-bottom:0;padding-left:0\"><div class=\"wp-block-column is-vertically-aligned-stretch wp-bottom-column has-background is-layout-flow wp-block-column-is-layout-flow\" style=\"background-color:#eeedeb;padding-top:0;padding-right:0;padding-bottom:0;padding-left:0\"><h3 class=\"wp-block-heading has-text-align-center\" style=\"padding-top:var(--wp--preset--spacing--40)\">H\u00f6galid d\u00f8r<\/h3>\n\n<p class=\"has-text-align-center\" style=\"padding-top:var(--wp--preset--spacing--30);padding-right:var(--wp--preset--spacing--40);padding-bottom:var(--wp--preset--spacing--30);padding-left:var(--wp--preset--spacing--40)\">Den overfalset skapd\u00f8ren var den vanligste d\u00f8ren i boliger fra begynnelsen av 1900-tallet. En klassisk flott d\u00f8r som gir kj\u00f8kkenet mye karakter og passer fint til klassiske l\u00f8ftehengsler.<\/p>\n\n<p class=\"has-text-align-center\" style=\"padding-top:0;padding-right:var(--wp--preset--spacing--40);padding-bottom:var(--wp--preset--spacing--30);padding-left:var(--wp--preset--spacing--40)\">Les mer om <a href=\"https:\/\/kulladal.com\/nb\/legacy\/\" data-type=\"page\" data-id=\"7257\"><strong>Legacy<\/strong><\/a>.<\/p>\n\n<figure class=\"wp-block-image size-large wp-bottom-button\"><img loading=\"lazy\" decoding=\"async\" width=\"1024\" height=\"674\" src=\"https:\/\/kulladal.com\/wp-content\/uploads\/2023\/08\/210429kulladal_lisawikstrand017-1024x674.jpg\" alt=\"\" class=\"wp-image-1779\" style=\"aspect-ratio:4\/3;object-fit:cover\" srcset=\"https:\/\/kulladal.com\/wp-content\/uploads\/2023\/08\/210429kulladal_lisawikstrand017-1024x674.jpg 1024w, https:\/\/kulladal.com\/wp-content\/uploads\/2023\/08\/210429kulladal_lisawikstrand017-600x395.jpg 600w, https:\/\/kulladal.com\/wp-content\/uploads\/2023\/08\/210429kulladal_lisawikstrand017-300x198.jpg 300w, https:\/\/kulladal.com\/wp-content\/uploads\/2023\/08\/210429kulladal_lisawikstrand017-768x506.jpg 768w, https:\/\/kulladal.com\/wp-content\/uploads\/2023\/08\/210429kulladal_lisawikstrand017-1536x1011.jpg 1536w, https:\/\/kulladal.com\/wp-content\/uploads\/2023\/08\/210429kulladal_lisawikstrand017-18x12.jpg 18w, https:\/\/kulladal.com\/wp-content\/uploads\/2023\/08\/210429kulladal_lisawikstrand017.jpg 2000w\" sizes=\"auto, (max-width: 1024px) 100vw, 1024px\" \/><\/figure><\/div>\n\n<div class=\"wp-block-column is-vertically-aligned-stretch wp-bottom-column has-background is-layout-flow wp-block-column-is-layout-flow\" style=\"background-color:#eeedeb;padding-top:0;padding-right:0;padding-bottom:0;padding-left:0\"><h3 class=\"wp-block-heading has-text-align-center\" style=\"padding-top:var(--wp--preset--spacing--40)\">Djupadal d\u00f8r<\/h3>\n\n<p class=\"has-text-align-center\" style=\"padding-top:var(--wp--preset--spacing--30);padding-right:var(--wp--preset--spacing--40);padding-bottom:var(--wp--preset--spacing--30);padding-left:var(--wp--preset--spacing--40)\">Innerd\u00f8ren med profil finnes ofte i hus fra forrige \u00e5rhundreskifte. En d\u00f8r som ligger i flukt med karmen og kan kombineres med myktlukkende hengsler eller l\u00f8ftehengsler.<\/p>\n\n<figure class=\"wp-block-image size-large wp-bottom-button\"><img loading=\"lazy\" decoding=\"async\" width=\"1024\" height=\"683\" src=\"https:\/\/kulladal.com\/wp-content\/uploads\/2023\/08\/220609kulladal_lisawikstrand_008-3-1024x683.jpg\" alt=\"\" class=\"wp-image-1826\" style=\"aspect-ratio:4\/3;object-fit:cover\" srcset=\"https:\/\/kulladal.com\/wp-content\/uploads\/2023\/08\/220609kulladal_lisawikstrand_008-3-1024x683.jpg 1024w, https:\/\/kulladal.com\/wp-content\/uploads\/2023\/08\/220609kulladal_lisawikstrand_008-3-600x400.jpg 600w, https:\/\/kulladal.com\/wp-content\/uploads\/2023\/08\/220609kulladal_lisawikstrand_008-3-300x200.jpg 300w, https:\/\/kulladal.com\/wp-content\/uploads\/2023\/08\/220609kulladal_lisawikstrand_008-3-768x512.jpg 768w, https:\/\/kulladal.com\/wp-content\/uploads\/2023\/08\/220609kulladal_lisawikstrand_008-3-1536x1025.jpg 1536w, https:\/\/kulladal.com\/wp-content\/uploads\/2023\/08\/220609kulladal_lisawikstrand_008-3-18x12.jpg 18w, https:\/\/kulladal.com\/wp-content\/uploads\/2023\/08\/220609kulladal_lisawikstrand_008-3.jpg 2000w\" sizes=\"auto, (max-width: 1024px) 100vw, 1024px\" \/><\/figure><\/div><\/div>\n\n<div class=\"wp-block-columns alignwide is-layout-flex wp-container-core-columns-is-layout-8e71a9cd wp-block-columns-is-layout-flex\" style=\"margin-top:0;margin-bottom:0;padding-top:var(--wp--preset--spacing--30);padding-right:0;padding-bottom:0;padding-left:0\"><div class=\"wp-block-column is-vertically-aligned-stretch wp-bottom-column has-background is-layout-flow wp-block-column-is-layout-flow\" style=\"background-color:#eeedeb;padding-top:0;padding-right:0;padding-bottom:0;padding-left:0\"><h3 class=\"wp-block-heading has-text-align-center\" style=\"padding-top:var(--wp--preset--spacing--40)\">R\u00f6nneholm d\u00f8r<\/h3>\n\n<p class=\"has-text-align-center\" style=\"padding-top:var(--wp--preset--spacing--30);padding-right:var(--wp--preset--spacing--40);padding-bottom:var(--wp--preset--spacing--30);padding-left:var(--wp--preset--spacing--40)\">For tidstypiske dekorasjoner kan du velge snekkerglede. For eksempel i nedre hj\u00f8rne av skaprammen og sidepanelene, som kan ha dekorative braketter i ulike stiler som g\u00e5r ned til benkeplaten.<\/p>\n\n<figure class=\"wp-block-image size-large wp-bottom-button\"><img loading=\"lazy\" decoding=\"async\" width=\"683\" height=\"1024\" src=\"https:\/\/kulladal.com\/wp-content\/uploads\/2023\/08\/220823vasterasgatan_lisawikstrand005-683x1024.jpg\" alt=\"\" class=\"wp-image-1848\" style=\"aspect-ratio:4\/3;object-fit:cover\" srcset=\"https:\/\/kulladal.com\/wp-content\/uploads\/2023\/08\/220823vasterasgatan_lisawikstrand005-683x1024.jpg 683w, https:\/\/kulladal.com\/wp-content\/uploads\/2023\/08\/220823vasterasgatan_lisawikstrand005-600x900.jpg 600w, https:\/\/kulladal.com\/wp-content\/uploads\/2023\/08\/220823vasterasgatan_lisawikstrand005-200x300.jpg 200w, https:\/\/kulladal.com\/wp-content\/uploads\/2023\/08\/220823vasterasgatan_lisawikstrand005-768x1152.jpg 768w, https:\/\/kulladal.com\/wp-content\/uploads\/2023\/08\/220823vasterasgatan_lisawikstrand005-1024x1536.jpg 1024w, https:\/\/kulladal.com\/wp-content\/uploads\/2023\/08\/220823vasterasgatan_lisawikstrand005-1366x2048.jpg 1366w, https:\/\/kulladal.com\/wp-content\/uploads\/2023\/08\/220823vasterasgatan_lisawikstrand005-8x12.jpg 8w, https:\/\/kulladal.com\/wp-content\/uploads\/2023\/08\/220823vasterasgatan_lisawikstrand005.jpg 1667w\" sizes=\"auto, (max-width: 683px) 100vw, 683px\" \/><\/figure><\/div>\n\n<div class=\"wp-block-column is-vertically-aligned-stretch wp-bottom-column has-background is-layout-flow wp-block-column-is-layout-flow\" style=\"background-color:#eeedeb;padding-top:0;padding-right:0;padding-bottom:0;padding-left:0\"><h3 class=\"wp-block-heading has-text-align-center\" style=\"padding-top:var(--wp--preset--spacing--40)\">Sunnan\u00e5 d\u00f8r<\/h3>\n\n<p class=\"has-text-align-center\" style=\"padding-top:var(--wp--preset--spacing--30);padding-right:var(--wp--preset--spacing--40);padding-bottom:var(--wp--preset--spacing--30);padding-left:var(--wp--preset--spacing--40)\">Den Sunnan\u00e5 profilerte d\u00f8ren p\u00e5 innsiden er b\u00e5de klassisk og tidl\u00f8s. D\u00f8ren ligger i flukt med karmen, noe som gir et nedstrippet inntrykk til tross for d\u00f8rens dekorerte speilprofil.<\/p>\n\n<figure class=\"wp-block-image size-large wp-bottom-button\"><img loading=\"lazy\" decoding=\"async\" width=\"1024\" height=\"677\" src=\"https:\/\/kulladal.com\/wp-content\/uploads\/2023\/08\/SkaCC88rmavbild2022-10-04kl.09.58.58-1024x677.png\" alt=\"\" class=\"wp-image-1945\" style=\"aspect-ratio:4\/3;object-fit:cover\" srcset=\"https:\/\/kulladal.com\/wp-content\/uploads\/2023\/08\/SkaCC88rmavbild2022-10-04kl.09.58.58-1024x677.png 1024w, https:\/\/kulladal.com\/wp-content\/uploads\/2023\/08\/SkaCC88rmavbild2022-10-04kl.09.58.58-600x397.png 600w, https:\/\/kulladal.com\/wp-content\/uploads\/2023\/08\/SkaCC88rmavbild2022-10-04kl.09.58.58-300x198.png 300w, https:\/\/kulladal.com\/wp-content\/uploads\/2023\/08\/SkaCC88rmavbild2022-10-04kl.09.58.58-768x508.png 768w, https:\/\/kulladal.com\/wp-content\/uploads\/2023\/08\/SkaCC88rmavbild2022-10-04kl.09.58.58-1536x1015.png 1536w, https:\/\/kulladal.com\/wp-content\/uploads\/2023\/08\/SkaCC88rmavbild2022-10-04kl.09.58.58-18x12.png 18w, https:\/\/kulladal.com\/wp-content\/uploads\/2023\/08\/SkaCC88rmavbild2022-10-04kl.09.58.58.png 1858w\" sizes=\"auto, (max-width: 1024px) 100vw, 1024px\" \/><\/figure><\/div><\/div><\/div><div class=\"wp-block-group alignwide is-layout-flow wp-block-group-is-layout-flow\" style=\"padding-top:var(--wp--preset--spacing--30);padding-bottom:var(--wp--preset--spacing--30)\"><div class=\"wp-block-group has-global-padding is-layout-constrained wp-block-group-is-layout-constrained\" style=\"padding-top:0;padding-bottom:var(--wp--preset--spacing--30)\"><h2 class=\"wp-block-heading has-text-align-center\">Legacy<\/h2><\/div>\n\n<div class=\"wp-block-columns alignwide is-layout-flex wp-container-core-columns-is-layout-15e7fdd0 wp-block-columns-is-layout-flex\" style=\"margin-top:0;margin-bottom:0;padding-top:0;padding-right:0;padding-bottom:0;padding-left:0\"><div class=\"wp-block-column is-vertically-aligned-stretch wp-bottom-column has-background is-layout-flow wp-block-column-is-layout-flow\" style=\"background-color:#eeedeb;padding-top:0;padding-right:0;padding-bottom:0;padding-left:0\"><h3 class=\"wp-block-heading has-text-align-center\" style=\"padding-top:var(--wp--preset--spacing--40)\">H\u00f6galid d\u00f8r<\/h3>\n\n<p class=\"has-text-align-center\" style=\"padding-top:var(--wp--preset--spacing--30);padding-right:var(--wp--preset--spacing--40);padding-bottom:var(--wp--preset--spacing--30);padding-left:var(--wp--preset--spacing--40)\">Den overfalset skapd\u00f8ren var den vanligste d\u00f8ren i boliger fra begynnelsen av 1900-tallet. En klassisk flott d\u00f8r som gir kj\u00f8kkenet mye karakter og passer fint til klassiske l\u00f8ftehengsler.<\/p>\n\n<p class=\"has-text-align-center\" style=\"padding-top:0;padding-right:var(--wp--preset--spacing--40);padding-bottom:var(--wp--preset--spacing--30);padding-left:var(--wp--preset--spacing--40)\">Les mer om <a href=\"https:\/\/kulladal.com\/nb\/legacy\/\" data-type=\"page\" data-id=\"7257\"><strong>Legacy<\/strong><\/a>.<\/p>\n\n<figure class=\"wp-block-image size-large wp-bottom-button\"><img loading=\"lazy\" decoding=\"async\" width=\"1024\" height=\"674\" src=\"https:\/\/kulladal.com\/wp-content\/uploads\/2023\/08\/210429kulladal_lisawikstrand017-1024x674.jpg\" alt=\"\" class=\"wp-image-1779\" style=\"aspect-ratio:4\/3;object-fit:cover\" srcset=\"https:\/\/kulladal.com\/wp-content\/uploads\/2023\/08\/210429kulladal_lisawikstrand017-1024x674.jpg 1024w, https:\/\/kulladal.com\/wp-content\/uploads\/2023\/08\/210429kulladal_lisawikstrand017-600x395.jpg 600w, https:\/\/kulladal.com\/wp-content\/uploads\/2023\/08\/210429kulladal_lisawikstrand017-300x198.jpg 300w, https:\/\/kulladal.com\/wp-content\/uploads\/2023\/08\/210429kulladal_lisawikstrand017-768x506.jpg 768w, https:\/\/kulladal.com\/wp-content\/uploads\/2023\/08\/210429kulladal_lisawikstrand017-1536x1011.jpg 1536w, https:\/\/kulladal.com\/wp-content\/uploads\/2023\/08\/210429kulladal_lisawikstrand017-18x12.jpg 18w, https:\/\/kulladal.com\/wp-content\/uploads\/2023\/08\/210429kulladal_lisawikstrand017.jpg 2000w\" sizes=\"auto, (max-width: 1024px) 100vw, 1024px\" \/><\/figure><\/div>\n\n<div class=\"wp-block-column is-vertically-aligned-stretch wp-bottom-column has-background is-layout-flow wp-block-column-is-layout-flow\" style=\"background-color:#eeedeb;padding-top:0;padding-right:0;padding-bottom:0;padding-left:0\"><h3 class=\"wp-block-heading has-text-align-center\" style=\"padding-top:var(--wp--preset--spacing--40)\">Djupadal d\u00f8r<\/h3>\n\n<p class=\"has-text-align-center\" style=\"padding-top:var(--wp--preset--spacing--30);padding-right:var(--wp--preset--spacing--40);padding-bottom:var(--wp--preset--spacing--30);padding-left:var(--wp--preset--spacing--40)\">Innerd\u00f8ren med profil finnes ofte i hus fra forrige \u00e5rhundreskifte. En d\u00f8r som ligger i flukt med karmen og kan kombineres med myktlukkende hengsler eller l\u00f8ftehengsler.<\/p>\n\n<figure class=\"wp-block-image size-large wp-bottom-button\"><img loading=\"lazy\" decoding=\"async\" width=\"1024\" height=\"683\" src=\"https:\/\/kulladal.com\/wp-content\/uploads\/2023\/08\/220609kulladal_lisawikstrand_008-3-1024x683.jpg\" alt=\"\" class=\"wp-image-1826\" style=\"aspect-ratio:4\/3;object-fit:cover\" srcset=\"https:\/\/kulladal.com\/wp-content\/uploads\/2023\/08\/220609kulladal_lisawikstrand_008-3-1024x683.jpg 1024w, https:\/\/kulladal.com\/wp-content\/uploads\/2023\/08\/220609kulladal_lisawikstrand_008-3-600x400.jpg 600w, https:\/\/kulladal.com\/wp-content\/uploads\/2023\/08\/220609kulladal_lisawikstrand_008-3-300x200.jpg 300w, https:\/\/kulladal.com\/wp-content\/uploads\/2023\/08\/220609kulladal_lisawikstrand_008-3-768x512.jpg 768w, https:\/\/kulladal.com\/wp-content\/uploads\/2023\/08\/220609kulladal_lisawikstrand_008-3-1536x1025.jpg 1536w, https:\/\/kulladal.com\/wp-content\/uploads\/2023\/08\/220609kulladal_lisawikstrand_008-3-18x12.jpg 18w, https:\/\/kulladal.com\/wp-content\/uploads\/2023\/08\/220609kulladal_lisawikstrand_008-3.jpg 2000w\" sizes=\"auto, (max-width: 1024px) 100vw, 1024px\" \/><\/figure><\/div><\/div>\n\n<div class=\"wp-block-columns alignwide is-layout-flex wp-container-core-columns-is-layout-8e71a9cd wp-block-columns-is-layout-flex\" style=\"margin-top:0;margin-bottom:0;padding-top:var(--wp--preset--spacing--30);padding-right:0;padding-bottom:0;padding-left:0\"><div class=\"wp-block-column is-vertically-aligned-stretch wp-bottom-column has-background is-layout-flow wp-block-column-is-layout-flow\" style=\"background-color:#eeedeb;padding-top:0;padding-right:0;padding-bottom:0;padding-left:0\"><h3 class=\"wp-block-heading has-text-align-center\" style=\"padding-top:var(--wp--preset--spacing--40)\">R\u00f6nneholm d\u00f8r<\/h3>\n\n<p class=\"has-text-align-center\" style=\"padding-top:var(--wp--preset--spacing--30);padding-right:var(--wp--preset--spacing--40);padding-bottom:var(--wp--preset--spacing--30);padding-left:var(--wp--preset--spacing--40)\">For tidstypiske dekorasjoner kan du velge snekkerglede. For eksempel i nedre hj\u00f8rne av skaprammen og sidepanelene, som kan ha dekorative braketter i ulike stiler som g\u00e5r ned til benkeplaten.<\/p>\n\n<figure class=\"wp-block-image size-large wp-bottom-button\"><img loading=\"lazy\" decoding=\"async\" width=\"683\" height=\"1024\" src=\"https:\/\/kulladal.com\/wp-content\/uploads\/2023\/08\/220823vasterasgatan_lisawikstrand005-683x1024.jpg\" alt=\"\" class=\"wp-image-1848\" style=\"aspect-ratio:4\/3;object-fit:cover\" srcset=\"https:\/\/kulladal.com\/wp-content\/uploads\/2023\/08\/220823vasterasgatan_lisawikstrand005-683x1024.jpg 683w, https:\/\/kulladal.com\/wp-content\/uploads\/2023\/08\/220823vasterasgatan_lisawikstrand005-600x900.jpg 600w, https:\/\/kulladal.com\/wp-content\/uploads\/2023\/08\/220823vasterasgatan_lisawikstrand005-200x300.jpg 200w, https:\/\/kulladal.com\/wp-content\/uploads\/2023\/08\/220823vasterasgatan_lisawikstrand005-768x1152.jpg 768w, https:\/\/kulladal.com\/wp-content\/uploads\/2023\/08\/220823vasterasgatan_lisawikstrand005-1024x1536.jpg 1024w, https:\/\/kulladal.com\/wp-content\/uploads\/2023\/08\/220823vasterasgatan_lisawikstrand005-1366x2048.jpg 1366w, https:\/\/kulladal.com\/wp-content\/uploads\/2023\/08\/220823vasterasgatan_lisawikstrand005-8x12.jpg 8w, https:\/\/kulladal.com\/wp-content\/uploads\/2023\/08\/220823vasterasgatan_lisawikstrand005.jpg 1667w\" sizes=\"auto, (max-width: 683px) 100vw, 683px\" \/><\/figure><\/div>\n\n<div class=\"wp-block-column is-vertically-aligned-stretch wp-bottom-column has-background is-layout-flow wp-block-column-is-layout-flow\" style=\"background-color:#eeedeb;padding-top:0;padding-right:0;padding-bottom:0;padding-left:0\"><h3 class=\"wp-block-heading has-text-align-center\" style=\"padding-top:var(--wp--preset--spacing--40)\">Sunnan\u00e5 d\u00f8r<\/h3>\n\n<p class=\"has-text-align-center\" style=\"padding-top:var(--wp--preset--spacing--30);padding-right:var(--wp--preset--spacing--40);padding-bottom:var(--wp--preset--spacing--30);padding-left:var(--wp--preset--spacing--40)\">Den Sunnan\u00e5 profilerte d\u00f8ren p\u00e5 innsiden er b\u00e5de klassisk og tidl\u00f8s. D\u00f8ren ligger i flukt med karmen, noe som gir et nedstrippet inntrykk til tross for d\u00f8rens dekorerte speilprofil.<\/p>\n\n<figure class=\"wp-block-image size-large wp-bottom-button\"><img loading=\"lazy\" decoding=\"async\" width=\"1024\" height=\"677\" src=\"https:\/\/kulladal.com\/wp-content\/uploads\/2023\/08\/SkaCC88rmavbild2022-10-04kl.09.58.58-1024x677.png\" alt=\"\" class=\"wp-image-1945\" style=\"aspect-ratio:4\/3;object-fit:cover\" srcset=\"https:\/\/kulladal.com\/wp-content\/uploads\/2023\/08\/SkaCC88rmavbild2022-10-04kl.09.58.58-1024x677.png 1024w, https:\/\/kulladal.com\/wp-content\/uploads\/2023\/08\/SkaCC88rmavbild2022-10-04kl.09.58.58-600x397.png 600w, https:\/\/kulladal.com\/wp-content\/uploads\/2023\/08\/SkaCC88rmavbild2022-10-04kl.09.58.58-300x198.png 300w, https:\/\/kulladal.com\/wp-content\/uploads\/2023\/08\/SkaCC88rmavbild2022-10-04kl.09.58.58-768x508.png 768w, https:\/\/kulladal.com\/wp-content\/uploads\/2023\/08\/SkaCC88rmavbild2022-10-04kl.09.58.58-1536x1015.png 1536w, https:\/\/kulladal.com\/wp-content\/uploads\/2023\/08\/SkaCC88rmavbild2022-10-04kl.09.58.58-18x12.png 18w, https:\/\/kulladal.com\/wp-content\/uploads\/2023\/08\/SkaCC88rmavbild2022-10-04kl.09.58.58.png 1858w\" sizes=\"auto, (max-width: 1024px) 100vw, 1024px\" \/><\/figure><\/div><\/div><\/div><div class=\"wp-block-group alignwide is-layout-flow wp-block-group-is-layout-flow\" style=\"padding-top:var(--wp--preset--spacing--60);padding-bottom:var(--wp--preset--spacing--60)\"><p class=\"has-text-align-center has-medium-font-size\" style=\"padding-top:0;padding-bottom:0\">Vi samarbeider med f\u00f8lgende leverand\u00f8rer:<\/p>\n\n<div class=\"wp-block-group is-content-justification-center is-nowrap is-layout-flex wp-container-core-group-is-layout-2d94d167 wp-block-group-is-layout-flex\" style=\"padding-top:var(--wp--preset--spacing--30);padding-bottom:var(--wp--preset--spacing--30)\"><figure class=\"wp-block-image size-full is-resized\"><a href=\"https:\/\/www.beslagdesign.se\/\"><img loading=\"lazy\" decoding=\"async\" width=\"530\" height=\"254\" src=\"https:\/\/kulladal.com\/wp-content\/uploads\/2023\/08\/Beslagdesign.png\" alt=\"\" class=\"wp-image-1904\" style=\"width:250px\" srcset=\"https:\/\/kulladal.com\/wp-content\/uploads\/2023\/08\/Beslagdesign.png 530w, https:\/\/kulladal.com\/wp-content\/uploads\/2023\/08\/Beslagdesign-300x144.png 300w, https:\/\/kulladal.com\/wp-content\/uploads\/2023\/08\/Beslagdesign-18x9.png 18w\" sizes=\"auto, (max-width: 530px) 100vw, 530px\" \/><\/a><\/figure>\n\n<figure class=\"wp-block-image size-full is-resized\"><a href=\"https:\/\/www.sekelskifte.com\/\"><img loading=\"lazy\" decoding=\"async\" width=\"516\" height=\"242\" src=\"https:\/\/kulladal.com\/wp-content\/uploads\/2023\/08\/Sekelskifte.png\" alt=\"\" class=\"wp-image-1934\" style=\"width:250px\" srcset=\"https:\/\/kulladal.com\/wp-content\/uploads\/2023\/08\/Sekelskifte.png 516w, https:\/\/kulladal.com\/wp-content\/uploads\/2023\/08\/Sekelskifte-300x141.png 300w, https:\/\/kulladal.com\/wp-content\/uploads\/2023\/08\/Sekelskifte-18x8.png 18w\" sizes=\"auto, (max-width: 516px) 100vw, 516px\" \/><\/a><\/figure>\n\n<figure class=\"wp-block-image size-full is-resized\"><a href=\"https:\/\/www.byggfabriken.com\/\"><img loading=\"lazy\" decoding=\"async\" width=\"534\" height=\"248\" src=\"https:\/\/kulladal.com\/wp-content\/uploads\/2023\/08\/Byggfabriken.png\" alt=\"\" class=\"wp-image-1907\" style=\"width:250px\" srcset=\"https:\/\/kulladal.com\/wp-content\/uploads\/2023\/08\/Byggfabriken.png 534w, https:\/\/kulladal.com\/wp-content\/uploads\/2023\/08\/Byggfabriken-300x139.png 300w, https:\/\/kulladal.com\/wp-content\/uploads\/2023\/08\/Byggfabriken-18x8.png 18w\" sizes=\"auto, (max-width: 534px) 100vw, 534px\" \/><\/a><\/figure><\/div>\n\n<div class=\"wp-block-group is-content-justification-center is-nowrap is-layout-flex wp-container-core-group-is-layout-2d94d167 wp-block-group-is-layout-flex\" style=\"padding-top:var(--wp--preset--spacing--30);padding-bottom:var(--wp--preset--spacing--30)\"><figure class=\"wp-block-image size-full is-resized\"><a href=\"https:\/\/bangahantverk.com\/\"><img loading=\"lazy\" decoding=\"async\" width=\"532\" height=\"252\" src=\"https:\/\/kulladal.com\/wp-content\/uploads\/2023\/08\/BaCC8AngaCC8A.png\" alt=\"\" class=\"wp-image-1902\" style=\"width:250px\" srcset=\"https:\/\/kulladal.com\/wp-content\/uploads\/2023\/08\/BaCC8AngaCC8A.png 532w, https:\/\/kulladal.com\/wp-content\/uploads\/2023\/08\/BaCC8AngaCC8A-300x142.png 300w, https:\/\/kulladal.com\/wp-content\/uploads\/2023\/08\/BaCC8AngaCC8A-18x9.png 18w\" sizes=\"auto, (max-width: 532px) 100vw, 532px\" \/><\/a><\/figure>\n\n<figure class=\"wp-block-image size-full is-resized\"><a href=\"https:\/\/www.svenskaglasstudion.se\/\"><img loading=\"lazy\" decoding=\"async\" width=\"532\" height=\"254\" src=\"https:\/\/kulladal.com\/wp-content\/uploads\/2023\/08\/svenskaglasstudion.png\" alt=\"\" class=\"wp-image-1964\" style=\"width:250px\" srcset=\"https:\/\/kulladal.com\/wp-content\/uploads\/2023\/08\/svenskaglasstudion.png 532w, https:\/\/kulladal.com\/wp-content\/uploads\/2023\/08\/svenskaglasstudion-300x143.png 300w, https:\/\/kulladal.com\/wp-content\/uploads\/2023\/08\/svenskaglasstudion-18x9.png 18w\" sizes=\"auto, (max-width: 532px) 100vw, 532px\" \/><\/a><\/figure>\n\n<figure class=\"wp-block-image size-full is-resized\"><a href=\"https:\/\/www.decosteel.se\/\"><img loading=\"lazy\" decoding=\"async\" width=\"462\" height=\"212\" src=\"https:\/\/kulladal.com\/wp-content\/uploads\/2023\/08\/Decosteel.png\" alt=\"\" class=\"wp-image-1908\" style=\"width:250px\" srcset=\"https:\/\/kulladal.com\/wp-content\/uploads\/2023\/08\/Decosteel.png 462w, https:\/\/kulladal.com\/wp-content\/uploads\/2023\/08\/Decosteel-300x138.png 300w, https:\/\/kulladal.com\/wp-content\/uploads\/2023\/08\/Decosteel-18x8.png 18w\" sizes=\"auto, (max-width: 462px) 100vw, 462px\" \/><\/a><\/figure><\/div>\n\n<div class=\"wp-block-group is-content-justification-center is-nowrap is-layout-flex wp-container-core-group-is-layout-2d94d167 wp-block-group-is-layout-flex\" style=\"padding-top:var(--wp--preset--spacing--30);padding-bottom:var(--wp--preset--spacing--30)\"><figure class=\"wp-block-image size-full is-resized\"><a href=\"https:\/\/www.tapwell.se\/\"><img loading=\"lazy\" decoding=\"async\" width=\"530\" height=\"248\" src=\"https:\/\/kulladal.com\/wp-content\/uploads\/2023\/08\/Tapwell.png\" alt=\"\" class=\"wp-image-1949\" style=\"width:250px\" srcset=\"https:\/\/kulladal.com\/wp-content\/uploads\/2023\/08\/Tapwell.png 530w, https:\/\/kulladal.com\/wp-content\/uploads\/2023\/08\/Tapwell-300x140.png 300w, https:\/\/kulladal.com\/wp-content\/uploads\/2023\/08\/Tapwell-18x8.png 18w\" sizes=\"auto, (max-width: 530px) 100vw, 530px\" \/><\/a><\/figure>\n\n<figure class=\"wp-block-image size-full is-resized\"><a href=\"https:\/\/badex.se\/\"><img loading=\"lazy\" decoding=\"async\" width=\"530\" height=\"250\" src=\"https:\/\/kulladal.com\/wp-content\/uploads\/2023\/08\/Badex.png\" alt=\"\" class=\"wp-image-1903\" style=\"width:250px\" srcset=\"https:\/\/kulladal.com\/wp-content\/uploads\/2023\/08\/Badex.png 530w, https:\/\/kulladal.com\/wp-content\/uploads\/2023\/08\/Badex-300x142.png 300w, https:\/\/kulladal.com\/wp-content\/uploads\/2023\/08\/Badex-18x8.png 18w\" sizes=\"auto, (max-width: 530px) 100vw, 530px\" \/><\/a><\/figure>\n\n<figure class=\"wp-block-image size-full is-resized\"><a href=\"https:\/\/www.blum.com\/se\/sv\/\"><img loading=\"lazy\" decoding=\"async\" width=\"358\" height=\"208\" src=\"https:\/\/kulladal.com\/wp-content\/uploads\/2023\/08\/Blum.png\" alt=\"\" class=\"wp-image-1905\" style=\"width:250px\" srcset=\"https:\/\/kulladal.com\/wp-content\/uploads\/2023\/08\/Blum.png 358w, https:\/\/kulladal.com\/wp-content\/uploads\/2023\/08\/Blum-300x174.png 300w, https:\/\/kulladal.com\/wp-content\/uploads\/2023\/08\/Blum-18x10.png 18w\" sizes=\"auto, (max-width: 358px) 100vw, 358px\" \/><\/a><\/figure><\/div><\/div>","protected":false},"excerpt":{"rendered":"<p>Vad s\u00e4ger v\u00e5ra kunder om oss? K\u00f6kets detaljer och tillval Det \u00e4r detaljerna som g\u00f6r det! Det \u00e4r inte bara f\u00e4rgen som s\u00e4tter karakt\u00e4r p\u00e5 k\u00f6ket. \u00c4ven lucktyp, g\u00e5ngj\u00e4rn och andra tillval g\u00f6r k\u00f6ket unikt. Vi erbjuder fem olika lucktyper, alla passande i ett k\u00f6k i klassisk stil. Test 1 (wide block = 1250px max) [&hellip;]<\/p>","protected":false},"author":1,"featured_media":8828,"parent":0,"menu_order":0,"comment_status":"closed","ping_status":"closed","template":"","meta":{"footnotes":""},"class_list":["post-10274","page","type-page","status-publish","has-post-thumbnail","hentry"],"yoast_head":"<!-- This site is optimized with the Yoast SEO plugin v24.3 - https:\/\/yoast.com\/wordpress\/plugins\/seo\/ -->\n<title>3 columns test - Kulladal<\/title>\n<meta name=\"robots\" content=\"index, follow, max-snippet:-1, max-image-preview:large, max-video-preview:-1\" \/>\n<link rel=\"canonical\" href=\"https:\/\/kulladal.com\/nb\/3-columns-test\/\" \/>\n<meta property=\"og:locale\" content=\"nb_NO\" \/>\n<meta property=\"og:type\" content=\"article\" \/>\n<meta property=\"og:title\" content=\"3 columns test - Kulladal\" \/>\n<meta property=\"og:description\" content=\"Vad s\u00e4ger v\u00e5ra kunder om oss? K\u00f6kets detaljer och tillval Det \u00e4r detaljerna som g\u00f6r det! Det \u00e4r inte bara f\u00e4rgen som s\u00e4tter karakt\u00e4r p\u00e5 k\u00f6ket. \u00c4ven lucktyp, g\u00e5ngj\u00e4rn och andra tillval g\u00f6r k\u00f6ket unikt. Vi erbjuder fem olika lucktyper, alla passande i ett k\u00f6k i klassisk stil. Test 1 (wide block = 1250px max) [&hellip;]\" \/>\n<meta property=\"og:url\" content=\"https:\/\/kulladal.com\/nb\/3-columns-test\/\" \/>\n<meta property=\"og:site_name\" content=\"Kulladal\" \/>\n<meta property=\"article:publisher\" content=\"https:\/\/www.facebook.com\/Kulladal20tal\" \/>\n<meta property=\"article:modified_time\" content=\"2025-07-05T11:13:39+00:00\" \/>\n<meta property=\"og:image\" content=\"https:\/\/kulladal.com\/wp-content\/uploads\/2025\/02\/230602vadstenagatan_lisawikstrand012-scaled.jpg\" \/>\n\t<meta property=\"og:image:width\" content=\"2560\" \/>\n\t<meta property=\"og:image:height\" content=\"1707\" \/>\n\t<meta property=\"og:image:type\" content=\"image\/jpeg\" \/>\n<meta name=\"twitter:card\" content=\"summary_large_image\" \/>\n<meta name=\"twitter:label1\" content=\"Ansl. lesetid\" \/>\n\t<meta name=\"twitter:data1\" content=\"7 minutter\" \/>\n<script type=\"application\/ld+json\" class=\"yoast-schema-graph\">{\"@context\":\"https:\/\/schema.org\",\"@graph\":[{\"@type\":\"Article\",\"@id\":\"https:\/\/kulladal.com\/3-columns-test\/#article\",\"isPartOf\":{\"@id\":\"https:\/\/kulladal.com\/3-columns-test\/\"},\"author\":{\"name\":\"vladimir\",\"@id\":\"https:\/\/kulladal.com\/nb\/#\/schema\/person\/f36df48262d3e40ef7de61ac362b7182\"},\"headline\":\"3 columns test\",\"datePublished\":\"2025-04-30T02:51:16+00:00\",\"dateModified\":\"2025-07-05T11:13:39+00:00\",\"mainEntityOfPage\":{\"@id\":\"https:\/\/kulladal.com\/3-columns-test\/\"},\"wordCount\":604,\"publisher\":{\"@id\":\"https:\/\/kulladal.com\/nb\/#organization\"},\"image\":{\"@id\":\"https:\/\/kulladal.com\/3-columns-test\/#primaryimage\"},\"thumbnailUrl\":\"https:\/\/kulladal.com\/wp-content\/uploads\/2025\/02\/230602vadstenagatan_lisawikstrand012-scaled.jpg\",\"inLanguage\":\"nb-NO\"},{\"@type\":\"WebPage\",\"@id\":\"https:\/\/kulladal.com\/3-columns-test\/\",\"url\":\"https:\/\/kulladal.com\/3-columns-test\/\",\"name\":\"3 columns test - Kulladal\",\"isPartOf\":{\"@id\":\"https:\/\/kulladal.com\/nb\/#website\"},\"primaryImageOfPage\":{\"@id\":\"https:\/\/kulladal.com\/3-columns-test\/#primaryimage\"},\"image\":{\"@id\":\"https:\/\/kulladal.com\/3-columns-test\/#primaryimage\"},\"thumbnailUrl\":\"https:\/\/kulladal.com\/wp-content\/uploads\/2025\/02\/230602vadstenagatan_lisawikstrand012-scaled.jpg\",\"datePublished\":\"2025-04-30T02:51:16+00:00\",\"dateModified\":\"2025-07-05T11:13:39+00:00\",\"breadcrumb\":{\"@id\":\"https:\/\/kulladal.com\/3-columns-test\/#breadcrumb\"},\"inLanguage\":\"nb-NO\",\"potentialAction\":[{\"@type\":\"ReadAction\",\"target\":[\"https:\/\/kulladal.com\/3-columns-test\/\"]}]},{\"@type\":\"ImageObject\",\"inLanguage\":\"nb-NO\",\"@id\":\"https:\/\/kulladal.com\/3-columns-test\/#primaryimage\",\"url\":\"https:\/\/kulladal.com\/wp-content\/uploads\/2025\/02\/230602vadstenagatan_lisawikstrand012-scaled.jpg\",\"contentUrl\":\"https:\/\/kulladal.com\/wp-content\/uploads\/2025\/02\/230602vadstenagatan_lisawikstrand012-scaled.jpg\",\"width\":2560,\"height\":1707},{\"@type\":\"BreadcrumbList\",\"@id\":\"https:\/\/kulladal.com\/3-columns-test\/#breadcrumb\",\"itemListElement\":[{\"@type\":\"ListItem\",\"position\":1,\"name\":\"Home\",\"item\":\"https:\/\/kulladal.com\/\"},{\"@type\":\"ListItem\",\"position\":2,\"name\":\"3 columns test\"}]},{\"@type\":\"WebSite\",\"@id\":\"https:\/\/kulladal.com\/nb\/#website\",\"url\":\"https:\/\/kulladal.com\/nb\/\",\"name\":\"Kulladal\",\"description\":\"Unika k\u00f6k i klassisk stil.\",\"publisher\":{\"@id\":\"https:\/\/kulladal.com\/nb\/#organization\"},\"potentialAction\":[{\"@type\":\"SearchAction\",\"target\":{\"@type\":\"EntryPoint\",\"urlTemplate\":\"https:\/\/kulladal.com\/nb\/?s={search_term_string}\"},\"query-input\":{\"@type\":\"PropertyValueSpecification\",\"valueRequired\":true,\"valueName\":\"search_term_string\"}}],\"inLanguage\":\"nb-NO\"},{\"@type\":\"Organization\",\"@id\":\"https:\/\/kulladal.com\/nb\/#organization\",\"name\":\"Kulladal Kitchens AB\",\"alternateName\":\"Kulladal\",\"url\":\"https:\/\/kulladal.com\/nb\/\",\"logo\":{\"@type\":\"ImageObject\",\"inLanguage\":\"nb-NO\",\"@id\":\"https:\/\/kulladal.com\/nb\/#\/schema\/logo\/image\/\",\"url\":\"https:\/\/kulladal.com\/wp-content\/uploads\/2023\/10\/logo_kulladal_classic_kitchens_white.png\",\"contentUrl\":\"https:\/\/kulladal.com\/wp-content\/uploads\/2023\/10\/logo_kulladal_classic_kitchens_white.png\",\"width\":823,\"height\":551,\"caption\":\"Kulladal Kitchens AB\"},\"image\":{\"@id\":\"https:\/\/kulladal.com\/nb\/#\/schema\/logo\/image\/\"},\"sameAs\":[\"https:\/\/www.facebook.com\/Kulladal20tal\",\"https:\/\/www.instagram.com\/kulladalkitchens\/\",\"https:\/\/www.youtube.com\/channel\/UCBwmfSKz31E6bpnxNFTrbRQ\",\"https:\/\/se.pinterest.com\/kulladalkitchens\/\"]},{\"@type\":\"Person\",\"@id\":\"https:\/\/kulladal.com\/nb\/#\/schema\/person\/f36df48262d3e40ef7de61ac362b7182\",\"name\":\"vladimir\",\"image\":{\"@type\":\"ImageObject\",\"inLanguage\":\"nb-NO\",\"@id\":\"https:\/\/kulladal.com\/nb\/#\/schema\/person\/image\/\",\"url\":\"https:\/\/secure.gravatar.com\/avatar\/76d911c5015ed6608857f010d05910554d962cd840fe1be7fca1fae28eef9da2?s=96&d=mm&r=g\",\"contentUrl\":\"https:\/\/secure.gravatar.com\/avatar\/76d911c5015ed6608857f010d05910554d962cd840fe1be7fca1fae28eef9da2?s=96&d=mm&r=g\",\"caption\":\"vladimir\"},\"sameAs\":[\"https:\/\/kulladal.com\"],\"url\":\"https:\/\/kulladal.com\/nb\/author\/vladimir\/\"}]}<\/script>\n<!-- \/ Yoast SEO plugin. -->","yoast_head_json":{"title":"3 columns test - Kulladal","robots":{"index":"index","follow":"follow","max-snippet":"max-snippet:-1","max-image-preview":"max-image-preview:large","max-video-preview":"max-video-preview:-1"},"canonical":"https:\/\/kulladal.com\/nb\/3-columns-test\/","og_locale":"nb_NO","og_type":"article","og_title":"3 columns test - Kulladal","og_description":"Vad s\u00e4ger v\u00e5ra kunder om oss? K\u00f6kets detaljer och tillval Det \u00e4r detaljerna som g\u00f6r det! Det \u00e4r inte bara f\u00e4rgen som s\u00e4tter karakt\u00e4r p\u00e5 k\u00f6ket. \u00c4ven lucktyp, g\u00e5ngj\u00e4rn och andra tillval g\u00f6r k\u00f6ket unikt. Vi erbjuder fem olika lucktyper, alla passande i ett k\u00f6k i klassisk stil. Test 1 (wide block = 1250px max) [&hellip;]","og_url":"https:\/\/kulladal.com\/nb\/3-columns-test\/","og_site_name":"Kulladal","article_publisher":"https:\/\/www.facebook.com\/Kulladal20tal","article_modified_time":"2025-07-05T11:13:39+00:00","og_image":[{"width":2560,"height":1707,"url":"https:\/\/kulladal.com\/wp-content\/uploads\/2025\/02\/230602vadstenagatan_lisawikstrand012-scaled.jpg","type":"image\/jpeg"}],"twitter_card":"summary_large_image","twitter_misc":{"Ansl. lesetid":"7 minutter"},"schema":{"@context":"https:\/\/schema.org","@graph":[{"@type":"Article","@id":"https:\/\/kulladal.com\/3-columns-test\/#article","isPartOf":{"@id":"https:\/\/kulladal.com\/3-columns-test\/"},"author":{"name":"vladimir","@id":"https:\/\/kulladal.com\/nb\/#\/schema\/person\/f36df48262d3e40ef7de61ac362b7182"},"headline":"3 columns test","datePublished":"2025-04-30T02:51:16+00:00","dateModified":"2025-07-05T11:13:39+00:00","mainEntityOfPage":{"@id":"https:\/\/kulladal.com\/3-columns-test\/"},"wordCount":604,"publisher":{"@id":"https:\/\/kulladal.com\/nb\/#organization"},"image":{"@id":"https:\/\/kulladal.com\/3-columns-test\/#primaryimage"},"thumbnailUrl":"https:\/\/kulladal.com\/wp-content\/uploads\/2025\/02\/230602vadstenagatan_lisawikstrand012-scaled.jpg","inLanguage":"nb-NO"},{"@type":"WebPage","@id":"https:\/\/kulladal.com\/3-columns-test\/","url":"https:\/\/kulladal.com\/3-columns-test\/","name":"3 columns test - Kulladal","isPartOf":{"@id":"https:\/\/kulladal.com\/nb\/#website"},"primaryImageOfPage":{"@id":"https:\/\/kulladal.com\/3-columns-test\/#primaryimage"},"image":{"@id":"https:\/\/kulladal.com\/3-columns-test\/#primaryimage"},"thumbnailUrl":"https:\/\/kulladal.com\/wp-content\/uploads\/2025\/02\/230602vadstenagatan_lisawikstrand012-scaled.jpg","datePublished":"2025-04-30T02:51:16+00:00","dateModified":"2025-07-05T11:13:39+00:00","breadcrumb":{"@id":"https:\/\/kulladal.com\/3-columns-test\/#breadcrumb"},"inLanguage":"nb-NO","potentialAction":[{"@type":"ReadAction","target":["https:\/\/kulladal.com\/3-columns-test\/"]}]},{"@type":"ImageObject","inLanguage":"nb-NO","@id":"https:\/\/kulladal.com\/3-columns-test\/#primaryimage","url":"https:\/\/kulladal.com\/wp-content\/uploads\/2025\/02\/230602vadstenagatan_lisawikstrand012-scaled.jpg","contentUrl":"https:\/\/kulladal.com\/wp-content\/uploads\/2025\/02\/230602vadstenagatan_lisawikstrand012-scaled.jpg","width":2560,"height":1707},{"@type":"BreadcrumbList","@id":"https:\/\/kulladal.com\/3-columns-test\/#breadcrumb","itemListElement":[{"@type":"ListItem","position":1,"name":"Home","item":"https:\/\/kulladal.com\/"},{"@type":"ListItem","position":2,"name":"3 columns test"}]},{"@type":"WebSite","@id":"https:\/\/kulladal.com\/nb\/#website","url":"https:\/\/kulladal.com\/nb\/","name":"Kulladal","description":"Unika k\u00f6k i klassisk stil.","publisher":{"@id":"https:\/\/kulladal.com\/nb\/#organization"},"potentialAction":[{"@type":"SearchAction","target":{"@type":"EntryPoint","urlTemplate":"https:\/\/kulladal.com\/nb\/?s={search_term_string}"},"query-input":{"@type":"PropertyValueSpecification","valueRequired":true,"valueName":"search_term_string"}}],"inLanguage":"nb-NO"},{"@type":"Organization","@id":"https:\/\/kulladal.com\/nb\/#organization","name":"Kulladal Kitchens AB","alternateName":"Kulladal","url":"https:\/\/kulladal.com\/nb\/","logo":{"@type":"ImageObject","inLanguage":"nb-NO","@id":"https:\/\/kulladal.com\/nb\/#\/schema\/logo\/image\/","url":"https:\/\/kulladal.com\/wp-content\/uploads\/2023\/10\/logo_kulladal_classic_kitchens_white.png","contentUrl":"https:\/\/kulladal.com\/wp-content\/uploads\/2023\/10\/logo_kulladal_classic_kitchens_white.png","width":823,"height":551,"caption":"Kulladal Kitchens AB"},"image":{"@id":"https:\/\/kulladal.com\/nb\/#\/schema\/logo\/image\/"},"sameAs":["https:\/\/www.facebook.com\/Kulladal20tal","https:\/\/www.instagram.com\/kulladalkitchens\/","https:\/\/www.youtube.com\/channel\/UCBwmfSKz31E6bpnxNFTrbRQ","https:\/\/se.pinterest.com\/kulladalkitchens\/"]},{"@type":"Person","@id":"https:\/\/kulladal.com\/nb\/#\/schema\/person\/f36df48262d3e40ef7de61ac362b7182","name":"vladimir","image":{"@type":"ImageObject","inLanguage":"nb-NO","@id":"https:\/\/kulladal.com\/nb\/#\/schema\/person\/image\/","url":"https:\/\/secure.gravatar.com\/avatar\/76d911c5015ed6608857f010d05910554d962cd840fe1be7fca1fae28eef9da2?s=96&d=mm&r=g","contentUrl":"https:\/\/secure.gravatar.com\/avatar\/76d911c5015ed6608857f010d05910554d962cd840fe1be7fca1fae28eef9da2?s=96&d=mm&r=g","caption":"vladimir"},"sameAs":["https:\/\/kulladal.com"],"url":"https:\/\/kulladal.com\/nb\/author\/vladimir\/"}]}},"_links":{"self":[{"href":"https:\/\/kulladal.com\/nb\/wp-json\/wp\/v2\/pages\/10274","targetHints":{"allow":["GET"]}}],"collection":[{"href":"https:\/\/kulladal.com\/nb\/wp-json\/wp\/v2\/pages"}],"about":[{"href":"https:\/\/kulladal.com\/nb\/wp-json\/wp\/v2\/types\/page"}],"author":[{"embeddable":true,"href":"https:\/\/kulladal.com\/nb\/wp-json\/wp\/v2\/users\/1"}],"replies":[{"embeddable":true,"href":"https:\/\/kulladal.com\/nb\/wp-json\/wp\/v2\/comments?post=10274"}],"version-history":[{"count":39,"href":"https:\/\/kulladal.com\/nb\/wp-json\/wp\/v2\/pages\/10274\/revisions"}],"predecessor-version":[{"id":12106,"href":"https:\/\/kulladal.com\/nb\/wp-json\/wp\/v2\/pages\/10274\/revisions\/12106"}],"wp:featuredmedia":[{"embeddable":true,"href":"https:\/\/kulladal.com\/nb\/wp-json\/wp\/v2\/media\/8828"}],"wp:attachment":[{"href":"https:\/\/kulladal.com\/nb\/wp-json\/wp\/v2\/media?parent=10274"}],"curies":[{"name":"wp","href":"https:\/\/api.w.org\/{rel}","templated":true}]}}